{"id":806,"date":"2024-06-13T09:37:28","date_gmt":"2024-06-13T12:37:28","guid":{"rendered":"https:\/\/grblegal.com.ar\/web\/?page_id=806"},"modified":"2026-07-15T10:14:09","modified_gmt":"2026-07-15T13:14:09","slug":"blog","status":"publish","type":"page","link":"https:\/\/grblegal.com.ar\/web\/blog\/","title":{"rendered":"Blog"},"content":{"rendered":"\t<div id=\"gap-2102078700\" class=\"gap-element clearfix\" style=\"display:block; height:auto;\">\n\t\t\n<style>\n#gap-2102078700 {\n  padding-top: 100px;\n}\n<\/style>\n\t<\/div>\n\t\n<div class=\"text-center\"><div class=\"is-divider divider clearfix\" style=\"max-width:1000px;height:2px;\"><\/div><\/div>\n<div class=\"row\"  id=\"row-2009489771\">\n\n\t<div id=\"col-911999770\" class=\"col medium-3 small-6 large-3\"  >\n\t\t\t\t<div class=\"col-inner\"  >\n\t\t\t\n\t\t\t\n\t<div id=\"text-505355622\" class=\"text\">\n\t\t\n<p><strong>Nueva oportunidad para regularizar deudas con ARCA<\/strong><\/p>\n\t\t\n<style>\n#text-505355622 {\n  font-size: 0.8rem;\n  text-align: center;\n}\n<\/style>\n\t<\/div>\n\t\n\t<div id=\"gap-747369490\" class=\"gap-element clearfix\" style=\"display:block; height:auto;\">\n\t\t\n<style>\n#gap-747369490 {\n  padding-top: 80px;\n}\n<\/style>\n\t<\/div>\n\t\n<a href=\"https:\/\/grblegal.com.ar\/web\/wp-content\/uploads\/2026\/07\/GRB-publicacion-Resolucion-General-5875-2026.pdf\" target=\"_blank\" class=\"button primary expand\" rel=\"noopener\"  style=\"border-radius:10px;\">\n    <span>LEER M\u00c1S<\/span>\n  <\/a>\n\n\t\t<\/div>\n\t\t\t\t\t<\/div>\n\n\t\n\n\t<div id=\"col-361171276\" class=\"col medium-3 small-6 large-3\"  >\n\t\t\t\t<div class=\"col-inner\"  >\n\t\t\t\n\t\t\t\n\t<div id=\"text-2309400367\" class=\"text\">\n\t\t\n<p><strong>La Direcci\u00f3n de Miner\u00eda reglament\u00f3, mediante la Resoluci\u00f3n 460, el derecho de Explotaci\u00f3n de Minas de Tercera Categor\u00eda en Terrenos de Dominio Estatal.<\/strong><\/p>\n\t\t\n<style>\n#text-2309400367 {\n  font-size: 0.8rem;\n  text-align: center;\n}\n<\/style>\n\t<\/div>\n\t\n\t<div id=\"gap-113066260\" class=\"gap-element clearfix\" style=\"display:block; height:auto;\">\n\t\t\n<style>\n#gap-113066260 {\n  padding-top: 20px;\n}\n<\/style>\n\t<\/div>\n\t\n<a href=\"https:\/\/grblegal.com.ar\/web\/wp-content\/uploads\/2026\/06\/Resolucion-460-Minas-de-Tercera-Categoria-en-Terrenos-de-Dominio-Estatal-1.pdf\" target=\"_blank\" class=\"button primary expand\" rel=\"noopener\"  style=\"border-radius:10px;\">\n    <span>LEER M\u00c1S<\/span>\n  <\/a>\n\n\t\t<\/div>\n\t\t\t\t\t<\/div>\n\n\t\n\n\t<div id=\"col-162094239\" class=\"col medium-3 small-6 large-3\"  >\n\t\t\t\t<div class=\"col-inner\"  >\n\t\t\t\n\t\t\t\n\t<div id=\"text-2541539254\" class=\"text\">\n\t\t\n<p><strong>NUEVAS EXENCIONES EN EL IMPUESTO AL CHEQUE: CRIPTOACTIVOS, BILLETERAS VIRTUALES Y OTROS SERVICIOS DIGITALES<\/strong><\/p>\n\t\t\n<style>\n#text-2541539254 {\n  font-size: 0.8rem;\n  text-align: center;\n}\n<\/style>\n\t<\/div>\n\t\n\t<div id=\"gap-1005837733\" class=\"gap-element clearfix\" style=\"display:block; height:auto;\">\n\t\t\n<style>\n#gap-1005837733 {\n  padding-top: 20px;\n}\n<\/style>\n\t<\/div>\n\t\n<a href=\"https:\/\/grblegal.com.ar\/web\/wp-content\/uploads\/2026\/06\/GRB-Legal-Exenciones-Impuesto-al-Cheque.-Decreto-475-2026.pdf\" target=\"_blank\" class=\"button primary expand\" rel=\"noopener\"  style=\"border-radius:10px;\">\n    <span>LEER M\u00c1S<\/span>\n  <\/a>\n\n\t\t<\/div>\n\t\t\t\t\t<\/div>\n\n\t\n\n\t<div id=\"col-780119043\" class=\"col medium-3 small-6 large-3\"  >\n\t\t\t\t<div class=\"col-inner\"  >\n\t\t\t\n\t\t\t\n\t<div id=\"text-52775254\" class=\"text\">\n\t\t\n<p><strong>IMPUESTO A LAS GANANCIAS: EXENCI\u00d3N PARA LOS ALQUILERES Y LA VENTA DE INMUEBLES <\/strong><\/p>\n\t\t\n<style>\n#text-52775254 {\n  font-size: 0.8rem;\n  text-align: center;\n}\n<\/style>\n\t<\/div>\n\t\n\t<div id=\"gap-500895279\" class=\"gap-element clearfix\" style=\"display:block; height:auto;\">\n\t\t\n<style>\n#gap-500895279 {\n  padding-top: 60px;\n}\n<\/style>\n\t<\/div>\n\t\n<a href=\"https:\/\/grblegal.com.ar\/web\/wp-content\/uploads\/2026\/06\/GRB-Legal-Dec.-406-2026.-Imp.-a-las-Ganancias.-exencion-para-alquileres-y-venta-de-inmuebles.pdf\" target=\"_blank\" class=\"button primary expand\" rel=\"noopener\"  style=\"border-radius:10px;\">\n    <span>LEER M\u00c1S<\/span>\n  <\/a>\n\n\t\t<\/div>\n\t\t\t\t\t<\/div>\n\n\t\n\n\t<div id=\"col-308265944\" class=\"col medium-3 small-6 large-3\"  >\n\t\t\t\t<div class=\"col-inner\"  >\n\t\t\t\n\t\t\t\n\t<div id=\"text-1114627927\" class=\"text\">\n\t\t\n<p><strong>ARCA reglamenta el nuevo \u201cblanqueo\u201d laboral. <\/strong><\/p>\n\t\t\n<style>\n#text-1114627927 {\n  font-size: 0.8rem;\n  text-align: center;\n}\n<\/style>\n\t<\/div>\n\t\n\t<div id=\"gap-1525217492\" class=\"gap-element clearfix\" style=\"display:block; height:auto;\">\n\t\t\n<style>\n#gap-1525217492 {\n  padding-top: 20px;\n}\n<\/style>\n\t<\/div>\n\t\n<a href=\"https:\/\/grblegal.com.ar\/web\/wp-content\/uploads\/2026\/06\/GRB-Legal-Reglamentacion-PER.-RG-ARCA-5862-2026.pdf\" target=\"_blank\" class=\"button primary expand\" rel=\"noopener\"  style=\"border-radius:10px;\">\n    <span>LEER M\u00c1S<\/span>\n  <\/a>\n\n\t\t<\/div>\n\t\t\t\t\t<\/div>\n\n\t\n\n\t<div id=\"col-680253634\" class=\"col medium-3 small-6 large-3\"  >\n\t\t\t\t<div class=\"col-inner\"  >\n\t\t\t\n\t\t\t\n\t<div id=\"text-745354329\" class=\"text\">\n\t\t\n<p><strong>Te compartimos los aspectos m\u00e1s importantes de la reglamentaci\u00f3n del R\u00e9gimen de promoci\u00f3n del empleo registrado (PER) y el Fondo de asistencia laboral (FAL)<\/strong><\/p>\n\t\t\n<style>\n#text-745354329 {\n  font-size: 0.8rem;\n  text-align: center;\n}\n<\/style>\n\t<\/div>\n\t\n<a href=\"https:\/\/grblegal.com.ar\/web\/wp-content\/uploads\/2026\/06\/Decreto-N\u00b0-408.2026.-Reglamenacion-FAL.pdf\" target=\"_blank\" class=\"button primary expand\" rel=\"noopener\"  style=\"border-radius:10px;\">\n    <span>Fondo de asistencia laboral (FAL)<\/span>\n  <\/a>\n\n<a href=\"https:\/\/grblegal.com.ar\/web\/wp-content\/uploads\/2026\/06\/Decreto-N\u00b0-409.2026.-Reglamentacion-PER.pdf\" target=\"_blank\" class=\"button primary expand\" rel=\"noopener\"  style=\"border-radius:10px;\">\n    <span>R\u00e9gimen de promoci\u00f3n del empleo registrado (PER)<\/span>\n  <\/a>\n\n\t\t<\/div>\n\t\t\t\t\t<\/div>\n\n\t\n\n\t<div id=\"col-1901171287\" class=\"col medium-3 small-6 large-3\"  >\n\t\t\t\t<div class=\"col-inner\"  >\n\t\t\t\n\t\t\t\n\t<div id=\"text-809212467\" class=\"text\">\n\t\t\n<p><strong>R\u00c9GIMEN DE INCENTIVO A LA FORMALIZACI\u00d3N LABORAL (RIFL) <\/strong><\/p>\n\t\t\n<style>\n#text-809212467 {\n  font-size: 0.8rem;\n  text-align: center;\n}\n<\/style>\n\t<\/div>\n\t\n\t<div id=\"gap-1551288321\" class=\"gap-element clearfix\" style=\"display:block; height:auto;\">\n\t\t\n<style>\n#gap-1551288321 {\n  padding-top: 20px;\n}\n<\/style>\n\t<\/div>\n\t\n<a href=\"https:\/\/grblegal.com.ar\/web\/wp-content\/uploads\/2026\/05\/GRB-Legal-Regimen-de-Incentivo-a-la-Formalizacion-Laboral-RIFL.pdf\" target=\"_blank\" class=\"button primary expand\" rel=\"noopener\"  style=\"border-radius:10px;\">\n    <span>LEER M\u00c1S<\/span>\n  <\/a>\n\n\t\t<\/div>\n\t\t\t\t\t<\/div>\n\n\t\n\n\t<div id=\"col-13845239\" class=\"col medium-3 small-6 large-3\"  >\n\t\t\t\t<div class=\"col-inner\"  >\n\t\t\t\n\t\t\t\n\t<div id=\"text-4076457664\" class=\"text\">\n\t\t\n<p><strong>R\u00c9GIMEN DE INCENTIVO PARA MEDIANAS INVERSIONES (RIMI)<\/strong><\/p>\n\t\t\n<style>\n#text-4076457664 {\n  font-size: 0.8rem;\n  text-align: center;\n}\n<\/style>\n\t<\/div>\n\t\n\t<div id=\"gap-1520847391\" class=\"gap-element clearfix\" style=\"display:block; height:auto;\">\n\t\t\n<style>\n#gap-1520847391 {\n  padding-top: 20px;\n}\n<\/style>\n\t<\/div>\n\t\n<a href=\"https:\/\/grblegal.com.ar\/web\/wp-content\/uploads\/2026\/04\/GRB-Legal-RIMI.pdf\" target=\"_blank\" class=\"button primary expand\" rel=\"noopener\"  style=\"border-radius:10px;\">\n    <span>LEER M\u00c1S<\/span>\n  <\/a>\n\n\t\t<\/div>\n\t\t\t\t\t<\/div>\n\n\t\n<\/div>\n<div class=\"row\"  id=\"row-1647860936\">\n\n\t<div id=\"col-731945028\" class=\"col medium-3 small-6 large-3\"  >\n\t\t\t\t<div class=\"col-inner\"  >\n\t\t\t\n\t\t\t\n\t<div id=\"gap-1650127477\" class=\"gap-element clearfix\" style=\"display:block; height:auto;\">\n\t\t\n<style>\n#gap-1650127477 {\n  padding-top: 60px;\n}\n<\/style>\n\t<\/div>\n\t\n\t\t<\/div>\n\t\t\t\t\t<\/div>\n\n\t\n<\/div>\n<div class=\"row\"  id=\"row-468758386\">\n\n\t<div id=\"col-1663360317\" class=\"col medium-3 small-6 large-3\"  >\n\t\t\t\t<div class=\"col-inner\"  >\n\t\t\t\n\t\t\t\n\t<div id=\"text-2618196332\" class=\"text\">\n\t\t\n<p><strong>&#8220;Ley de Inocencia Fiscal\u201d, la cual introduce importantes modificaciones en el R\u00e9gimen Penal Tributario (Ley 24.769).<\/strong><\/p>\n\t\t\n<style>\n#text-2618196332 {\n  font-size: 0.8rem;\n  text-align: center;\n}\n<\/style>\n\t<\/div>\n\t\n\t<div id=\"gap-2033486979\" class=\"gap-element clearfix\" style=\"display:block; height:auto;\">\n\t\t\n<style>\n#gap-2033486979 {\n  padding-top: 20px;\n}\n<\/style>\n\t<\/div>\n\t\n<a href=\"https:\/\/grblegal.com.ar\/web\/wp-content\/uploads\/2025\/12\/GRB-Legal-Ley-de-Inocencia-Fiscal.pdf\" target=\"_blank\" class=\"button primary expand\" rel=\"noopener\"  style=\"border-radius:10px;\">\n    <span>LEER M\u00c1S<\/span>\n  <\/a>\n\n\t\t<\/div>\n\t\t\t\t\t<\/div>\n\n\t\n\n\t<div id=\"col-1054117590\" class=\"col medium-3 small-6 large-3\"  >\n\t\t\t\t<div class=\"col-inner\"  >\n\t\t\t\n\t\t\t\n\t<div id=\"text-2747791037\" class=\"text\">\n\t\t\n<p><strong>La Provincia de Mendoza sancion\u00f3 la Ley N\u00ba 9686 (pub. B.O. 15\/12\/2025) crea el Fondo de Compensaci\u00f3n Ambiental de la Provincia de Mendoza.<\/strong><\/p>\n\t\t\n<style>\n#text-2747791037 {\n  font-size: 0.8rem;\n  text-align: center;\n}\n<\/style>\n\t<\/div>\n\t\n<a href=\"https:\/\/grblegal.com.ar\/web\/wp-content\/uploads\/2025\/12\/GRB_Legal_-_Fondo_de_Compensacion_Ambiental_de_Mendoza1.pdf\" target=\"_blank\" class=\"button primary expand\" rel=\"noopener\"  style=\"border-radius:10px;\">\n    <span>LEER M\u00c1S<\/span>\n  <\/a>\n\n\t\t<\/div>\n\t\t\t\t\t<\/div>\n\n\t\n\n\t<div id=\"col-1385570094\" class=\"col medium-3 small-6 large-3\"  >\n\t\t\t\t<div class=\"col-inner\"  >\n\t\t\t\n\t\t\t\n\t<div id=\"text-3563339666\" class=\"text\">\n\t\t\n<p><strong>La Provincia de Mendoza sancion\u00f3 la Ley N\u00b0 9687 de Regal\u00edas Mineras de Mendoza (pub. B.O. 15\/12\/2025)<\/strong><br \/>\nPor Marina Costella Pravata<\/p>\n\t\t\n<style>\n#text-3563339666 {\n  font-size: 0.8rem;\n  text-align: center;\n}\n<\/style>\n\t<\/div>\n\t\n\t<div id=\"gap-1740421308\" class=\"gap-element clearfix\" style=\"display:block; height:auto;\">\n\t\t\n<style>\n#gap-1740421308 {\n  padding-top: 20px;\n}\n<\/style>\n\t<\/div>\n\t\n<a href=\"https:\/\/grblegal.com.ar\/web\/wp-content\/uploads\/2025\/12\/GRB-Legal-Ley-9687-de-Regalias-Mineras-de-Mendoza.pdf\" target=\"_blank\" class=\"button primary expand\" rel=\"noopener\"  style=\"border-radius:10px;\">\n    <span>LEER M\u00c1S<\/span>\n  <\/a>\n\n\t\t<\/div>\n\t\t\t\t\t<\/div>\n\n\t\n\n\t<div id=\"col-1457482501\" class=\"col medium-3 small-6 large-3\"  >\n\t\t\t\t<div class=\"col-inner\"  >\n\t\t\t\n\t\t\t\n\t<div id=\"text-2773828828\" class=\"text\">\n\t\t\n<p><strong> REGLAMENTACI\u00d3N DE HIPOTECAS DIVISIBLES <\/strong> <\/p>\n\t\t\n<style>\n#text-2773828828 {\n  font-size: 0.8rem;\n  text-align: center;\n}\n<\/style>\n\t<\/div>\n\t\n\t<div id=\"gap-574264617\" class=\"gap-element clearfix\" style=\"display:block; height:auto;\">\n\t\t\n<style>\n#gap-574264617 {\n  padding-top: 60px;\n}\n<\/style>\n\t<\/div>\n\t\n<a href=\"https:\/\/grblegal.com.ar\/web\/wp-content\/uploads\/2025\/07\/Resolucion-Conjunta-2-2025-Min.-Economia-y-Justicia.-Hipotecas-divisibles.pdf\" target=\"_blank\" class=\"button primary expand\" rel=\"noopener\"  style=\"border-radius:10px;\">\n    <span>LEER M\u00c1S<\/span>\n  <\/a>\n\n\t\t<\/div>\n\t\t\t\t\t<\/div>\n\n\t\n<\/div>\n\t<div id=\"gap-1835949561\" class=\"gap-element clearfix\" style=\"display:block; height:auto;\">\n\t\t\n<style>\n#gap-1835949561 {\n  padding-top: 60px;\n}\n<\/style>\n\t<\/div>\n\t\n<div class=\"row\"  id=\"row-1636201459\">\n\n\t<div id=\"col-1002354098\" class=\"col medium-3 small-6 large-3\"  >\n\t\t\t\t<div class=\"col-inner\"  >\n\t\t\t\n\t\t\t\n\t<div id=\"text-943901398\" class=\"text\">\n\t\t\n<p><strong>PLAN DE REPARACI\u00d3N HIST\u00d3RICA DE LOS AHORROS DE LOS ARGENTINOS <\/strong> <br \/>Por Marina Costella Pravata<\/p>\n\t\t\n<style>\n#text-943901398 {\n  font-size: 0.8rem;\n  text-align: center;\n}\n<\/style>\n\t<\/div>\n\t\n<a href=\"https:\/\/grblegal.com.ar\/web\/wp-content\/uploads\/2025\/05\/GRB-Legal-Plan-de-Reparacion-Historica-de-los-Ahorros-de-los-Argentinos.pdf\" target=\"_blank\" class=\"button primary expand\" rel=\"noopener\"  style=\"border-radius:10px;\">\n    <span>LEER M\u00c1S<\/span>\n  <\/a>\n\n\t\t<\/div>\n\t\t\t\t\t<\/div>\n\n\t\n\n\t<div id=\"col-1728461317\" class=\"col medium-3 small-6 large-3\"  >\n\t\t\t\t<div class=\"col-inner\"  >\n\t\t\t\n\t\t\t\n\t<div id=\"text-3974921056\" class=\"text\">\n\t\t\n<p><strong>AN\u00c1LISIS JUR\u00cdDICO SOBRE EL MARCO NORMATIVO DEL IMPUESTO DE SELLOS EN MENDOZA. <\/strong> <br \/>Por Marina Costella Pravata<\/p>\n\t\t\n<style>\n#text-3974921056 {\n  font-size: 0.8rem;\n  text-align: center;\n}\n<\/style>\n\t<\/div>\n\t\n<a href=\"https:\/\/grblegal.com.ar\/web\/wp-content\/uploads\/2025\/04\/Analisis-juridico-sobre-el-marco-normativo-del-impuestos-de-sellos-en-Mendoza.pdf\" target=\"_blank\" class=\"button primary expand\" rel=\"noopener\"  style=\"border-radius:10px;\">\n    <span>LEER M\u00c1S<\/span>\n  <\/a>\n\n\t\t<\/div>\n\t\t\t\t\t<\/div>\n\n\t\n\n\t<div id=\"col-2041770672\" class=\"col medium-3 small-6 large-3\"  >\n\t\t\t\t<div class=\"col-inner\"  >\n\t\t\t\n\t\t\t\n\t<div id=\"text-194779992\" class=\"text\">\n\t\t\n<p><strong>GENERAL RESOLUTION No. 5,663\/2025 \u2013 ARCA<\/strong><\/p>\n\t\t\n<style>\n#text-194779992 {\n  font-size: 0.8rem;\n  text-align: center;\n}\n<\/style>\n\t<\/div>\n\t\n\t<div id=\"gap-1285895398\" class=\"gap-element clearfix\" style=\"display:block; height:auto;\">\n\t\t\n<style>\n#gap-1285895398 {\n  padding-top: 40px;\n}\n<\/style>\n\t<\/div>\n\t\n<a href=\"https:\/\/grblegal.com.ar\/web\/wp-content\/uploads\/2025\/03\/GRB-Legal-General-Resolution-5663-2025-ARCA2.pdf\" target=\"_blank\" class=\"button primary expand\" rel=\"noopener\"  style=\"border-radius:10px;\">\n    <span>LEER M\u00c1S<\/span>\n  <\/a>\n\n\t\t<\/div>\n\t\t\t\t\t<\/div>\n\n\t\n\n\t<div id=\"col-715374153\" class=\"col medium-3 small-6 large-3\"  >\n\t\t\t\t<div class=\"col-inner\"  >\n\t\t\t\n\t\t\t\n\t<div id=\"text-1753087500\" class=\"text\">\n\t\t\n<p><strong>RESOLUCI\u00d3N GENERAL N\u00b0 5.663\/2025 &#8211; ARCA<\/strong><\/p>\n\t\t\n<style>\n#text-1753087500 {\n  font-size: 0.8rem;\n  text-align: center;\n}\n<\/style>\n\t<\/div>\n\t\n\t<div id=\"gap-267460969\" class=\"gap-element clearfix\" style=\"display:block; height:auto;\">\n\t\t\n<style>\n#gap-267460969 {\n  padding-top: 40px;\n}\n<\/style>\n\t<\/div>\n\t\n<a href=\"https:\/\/grblegal.com.ar\/web\/wp-content\/uploads\/2025\/03\/GRB-Legal-Resolucion-General-5663-2025-ARCA1.pdf\" target=\"_blank\" class=\"button primary expand\" rel=\"noopener\"  style=\"border-radius:10px;\">\n    <span>Leer m\u00e1s<\/span>\n  <\/a>\n\n\t\t<\/div>\n\t\t\t\t\t<\/div>\n\n\t\n<\/div>\n\t<div id=\"gap-2010191371\" class=\"gap-element clearfix\" style=\"display:block; height:auto;\">\n\t\t\n<style>\n#gap-2010191371 {\n  padding-top: 60px;\n}\n<\/style>\n\t<\/div>\n\t\n<div class=\"row\"  id=\"row-902708731\">\n\n\t<div id=\"col-1953064750\" class=\"col medium-3 small-6 large-3\"  >\n\t\t\t\t<div class=\"col-inner\"  >\n\t\t\t\n\t\t\t\n\t<div id=\"text-783873669\" class=\"text\">\n\t\t\n<p><b>PADR\u00d3N DE TRABAJADORES INDEPENDIENTES CON COLABORADORES <\/bR> Res. 5599-24 &#8211; ARCA <\/b><\/p>\n\t\t\n<style>\n#text-783873669 {\n  font-size: 0.8rem;\n  text-align: center;\n}\n<\/style>\n\t<\/div>\n\t\n<a href=\"https:\/\/grblegal.com.ar\/web\/wp-content\/uploads\/2024\/11\/Padron-de-Trabajadores-Independientes-con-Colaboradores-Res.-5599-24-ARCA.pdf\" target=\"_blank\" class=\"button primary expand\" rel=\"noopener\"  style=\"border-radius:10px;\">\n    <span>Leer m\u00e1s<\/span>\n  <\/a>\n\n\t\t<\/div>\n\t\t\t\t\t<\/div>\n\n\t\n\n\t<div id=\"col-1036051052\" class=\"col medium-3 small-6 large-3\"  >\n\t\t\t\t<div class=\"col-inner\"  >\n\t\t\t\n\t\t\t\n\t<div id=\"text-2769601892\" class=\"text\">\n\t\t\n<p><b> NUEVO R\u00c9GIMEN PARA SUCURSALES DEDICADAS O ESPECIALES EN EL MARCO DEL RIGI. Res. IGJ 19.2024 espa\u00f1ol <\/b><\/p>\n\t\t\n<style>\n#text-2769601892 {\n  font-size: 0.8rem;\n  text-align: center;\n}\n<\/style>\n\t<\/div>\n\t\n<a href=\"https:\/\/grblegal.com.ar\/web\/wp-content\/uploads\/2024\/09\/Nuevo-regimen-para-Sucursales-Dedicadas-o-Especiales-en-el-marco-del-RIGI.Res_.-IGJ-19.2024-espanol.pdf\" target=\"_blank\" class=\"button primary expand\" rel=\"noopener\"  style=\"border-radius:10px;\">\n    <span>Leer m\u00e1s<\/span>\n  <\/a>\n\n\t\t<\/div>\n\t\t\t\t\t<\/div>\n\n\t\n\n\t<div id=\"col-1843226938\" class=\"col medium-3 small-6 large-3\"  >\n\t\t\t\t<div class=\"col-inner\"  >\n\t\t\t\n\t\t\t\n\t<div id=\"text-595419542\" class=\"text\">\n\t\t\n<p><b>LEY 27.743 DE MEDIAS FISCALES PALIATIVAS Y RELEVANTES <\/bR> Res. 5599-24 &#8211; ARCA <\/b><\/p>\n\t\t\n<style>\n#text-595419542 {\n  font-size: 0.8rem;\n  text-align: center;\n}\n<\/style>\n\t<\/div>\n\t\n<a href=\"https:\/\/grblegal.com.ar\/web\/wp-content\/uploads\/2024\/07\/Informe-Ley-27.743-de-Medidas-Fiscales-Relevantes-y-Paliativas.docx.pdf\" target=\"_blank\" class=\"button primary expand\" rel=\"noopener\"  style=\"border-radius:10px;\">\n    <span>Leer m\u00e1s<\/span>\n  <\/a>\n\n\t\t<\/div>\n\t\t\t\t\t<\/div>\n\n\t\n\n\t<div id=\"col-1865209198\" class=\"col medium-3 small-6 large-3\"  >\n\t\t\t\t<div class=\"col-inner\"  >\n\t\t\t\n\t\t\t\n\t<div id=\"text-1687621797\" class=\"text\">\n\t\t\n<p><b>DECRETO 847-2024 <\/bR> Res. 5599-24 &#8211; ARCA <\/b><\/p>\n\t\t\n<style>\n#text-1687621797 {\n  font-size: 0.8rem;\n  text-align: center;\n}\n<\/style>\n\t<\/div>\n\t\n<a href=\"https:\/\/grblegal.com.ar\/web\/wp-content\/uploads\/2024\/09\/Decreto-847-2024.pdf\" target=\"_blank\" class=\"button primary expand\" rel=\"noopener\"  style=\"border-radius:10px;\">\n    <span>Leer m\u00e1s<\/span>\n  <\/a>\n\n\t\t<\/div>\n\t\t\t\t\t<\/div>\n\n\t\n<\/div>\n\t<div id=\"gap-1510996295\" class=\"gap-element clearfix\" style=\"display:block; height:auto;\">\n\t\t\n<style>\n#gap-1510996295 {\n  padding-top: 60px;\n}\n<\/style>\n\t<\/div>\n\t\n<div class=\"row row-dashed\"  id=\"row-289644686\">\n\n\t<div id=\"col-878195466\" class=\"col medium-3 small-6 large-3\"  >\n\t\t\t\t<div class=\"col-inner\"  >\n\t\t\t\n\t\t\t\n\t<div id=\"text-2453207705\" class=\"text\">\n\t\t\n<p><strong>LEY N\u00b0 27.802. MODERNIZACI\u00d3N LABORAL<\/strong><\/p>\n\t\t\n<style>\n#text-2453207705 {\n  font-size: 0.8rem;\n  text-align: center;\n}\n<\/style>\n\t<\/div>\n\t\n\t<div id=\"gap-479005796\" class=\"gap-element clearfix\" style=\"display:block; height:auto;\">\n\t\t\n<style>\n#gap-479005796 {\n  padding-top: 20px;\n}\n<\/style>\n\t<\/div>\n\t\n<a href=\"https:\/\/grblegal.com.ar\/web\/wp-content\/uploads\/2026\/03\/Ley-Modernizacion-laboral-N\u00b0-27.802.-GRB-LEGAL.-.pdf\" target=\"_blank\" class=\"button primary expand\" rel=\"noopener\"  style=\"border-radius:10px;\">\n    <span>LEER M\u00c1S<\/span>\n  <\/a>\n\n\t\t<\/div>\n\t\t\t\t\t<\/div>\n\n\t\n\n\t<div id=\"col-978424676\" class=\"col medium-3 small-6 large-3\"  >\n\t\t\t\t<div class=\"col-inner\"  >\n\t\t\t\n\t\t\t\n\t<div id=\"text-1194961341\" class=\"text\">\n\t\t\n<p><b>DECRETO 10172024 HIPOTECAS DIVISIBLES <\/b><\/p>\n\t\t\n<style>\n#text-1194961341 {\n  font-size: 0.8rem;\n  text-align: center;\n}\n<\/style>\n\t<\/div>\n\t\n<a href=\"https:\/\/grblegal.com.ar\/web\/wp-content\/uploads\/2024\/11\/Decreto-10172024Hipotecas-divisiblesBO_241114_190253.pdf\" target=\"_blank\" class=\"button primary expand\" rel=\"noopener\"  style=\"border-radius:10px;\">\n    <span>Leer m\u00e1s<\/span>\n  <\/a>\n\n\t\t<\/div>\n\t\t\t\t\t<\/div>\n\n\t\n\n\t<div id=\"col-1989623125\" class=\"col medium-3 small-6 large-3\"  >\n\t\t\t\t<div class=\"col-inner\"  >\n\t\t\t\n\t\t\t\n\t<div id=\"text-1986022888\" class=\"text\">\n\t\t\n<p><b>HIDROCARBUROS. LICITACI\u00d3N. DEC 322.2024. <\/b><br \/>\n\t\t\n<style>\n#text-1986022888 {\n  font-size: 0.8rem;\n  text-align: center;\n}\n<\/style>\n\t<\/div>\n\t\n<a href=\"https:\/\/grblegal.com.ar\/web\/wp-content\/uploads\/2024\/06\/HIDROCARBUROS.LICITACION.DEC_.322.2024.pdf\" target=\"_blank\" class=\"button primary expand\" rel=\"noopener\"  style=\"border-radius:10px;\">\n    <span>Leer m\u00e1s<\/span>\n  <\/a>\n\n\t\t<\/div>\n\t\t\t\t\t<\/div>\n\n\t\n\n\t<div id=\"col-2126096394\" class=\"col medium-3 small-6 large-3\"  >\n\t\t\t\t<div class=\"col-inner\"  >\n\t\t\t\n\t\t\t\n\t<div id=\"text-1390266827\" class=\"text\">\n\t\t\n<p><b>Jos\u00e9 Cartellone Construcciones Civiles S.A. AFIP. HABEAS DATA<\/b><\/p>\n\t\t\n<style>\n#text-1390266827 {\n  font-size: 0.8rem;\n  text-align: center;\n}\n<\/style>\n\t<\/div>\n\t\n<a href=\"https:\/\/grblegal.com.ar\/web\/wp-content\/uploads\/2024\/06\/Jose-Cartellone-Construcciones-Civiles-S.A.-c.-AFIP-s-habeas-data.pdf\" target=\"_blank\" class=\"button primary expand\" rel=\"noopener\"  style=\"border-radius:10px;\">\n    <span>Leer m\u00e1s<\/span>\n  <\/a>\n\n\t\t<\/div>\n\t\t\t\t\t<\/div>\n\n\t\n\n\t<div id=\"col-178048124\" class=\"col medium-3 small-6 large-3\"  >\n\t\t\t\t<div class=\"col-inner\"  >\n\t\t\t\n\t\t\t\n\t<div id=\"text-527168763\" class=\"text\">\n\t\t\n<p><b>LOS CAMBIOS QUE IMPULSA LA NUEVA LEY DE ALQUILERES<\/b><br \/>\n\t\t\n<style>\n#text-527168763 {\n  font-size: 0.8rem;\n  text-align: center;\n}\n<\/style>\n\t<\/div>\n\t\n<a href=\"https:\/\/grblegal.com.ar\/web\/wp-content\/uploads\/2024\/06\/LOS-CAMBIOS-QUE-IMPULSA-LA-NUEVA-LEY-DE-ALQUILERES.pdf\" target=\"_blank\" class=\"button primary expand\" rel=\"noopener\"  style=\"border-radius:10px;\">\n    <span>Leer m\u00e1s<\/span>\n  <\/a>\n\n\t\t<\/div>\n\t\t\t\t\t<\/div>\n\n\t\n<\/div>\n\t<div id=\"gap-1956918039\" class=\"gap-element clearfix\" style=\"display:block; height:auto;\">\n\t\t\n<style>\n#gap-1956918039 {\n  padding-top: 60px;\n}\n<\/style>\n\t<\/div>\n\t\n<div class=\"row row-dashed\"  id=\"row-1311878746\">\n\n\t<div id=\"col-718224777\" class=\"col medium-3 small-6 large-3\"  >\n\t\t\t\t<div class=\"col-inner\"  >\n\t\t\t\n\t\t\t\n\t<div id=\"text-4166197479\" class=\"text\">\n\t\t\n<p><b>MODALIDADES DE CONTRATACI\u00d3N LABORAL<\/b><br \/>\n\t\t\n<style>\n#text-4166197479 {\n  font-size: 0.8rem;\n  text-align: center;\n}\n<\/style>\n\t<\/div>\n\t\n<a href=\"https:\/\/grblegal.com.ar\/web\/wp-content\/uploads\/2024\/06\/Modalidades-de-Contratacion-laboral.pdf\" target=\"_blank\" class=\"button primary expand\" rel=\"noopener\"  style=\"border-radius:10px;\">\n    <span>Leer m\u00e1s<\/span>\n  <\/a>\n\n\t\t<\/div>\n\t\t\t\t\t<\/div>\n\n\t\n\n\t<div id=\"col-808785742\" class=\"col medium-3 small-6 large-3\"  >\n\t\t\t\t<div class=\"col-inner\"  >\n\t\t\t\n\t\t\t\n\t<div id=\"text-45213506\" class=\"text\">\n\t\t\n<p><b>NUEVA LEY ANTILAVADO n\u00b027.739. <\/b><br \/>\n\t\t\n<style>\n#text-45213506 {\n  font-size: 0.8rem;\n  text-align: center;\n}\n<\/style>\n\t<\/div>\n\t\n<a href=\"https:\/\/grblegal.com.ar\/web\/wp-content\/uploads\/2024\/06\/Nueva-ley-antilavado-N\u00b0-27.739.pdf\" target=\"_blank\" class=\"button primary expand\" rel=\"noopener\"  style=\"border-radius:10px;\">\n    <span>Leer m\u00e1s<\/span>\n  <\/a>\n\n\t\t<\/div>\n\t\t\t\t\t<\/div>\n\n\t\n\n\t<div id=\"col-2116182878\" class=\"col medium-3 small-6 large-3\"  >\n\t\t\t\t<div class=\"col-inner\"  >\n\t\t\t\n\t\t\t\n\t<div id=\"text-3052466153\" class=\"text\">\n\t\t\n<p><b>PASANT\u00cdAS EDUCATIVAS EN GRB LEGAL.<\/b><br \/>\n\t\t\n<style>\n#text-3052466153 {\n  font-size: 0.8rem;\n  text-align: center;\n}\n<\/style>\n\t<\/div>\n\t\n<a href=\"https:\/\/grblegal.com.ar\/web\/wp-content\/uploads\/2024\/06\/Pasantias-educativas.pdf\" target=\"_blank\" class=\"button primary expand\" rel=\"noopener\"  style=\"border-radius:10px;\">\n    <span>Leer m\u00e1s<\/span>\n  <\/a>\n\n\t\t<\/div>\n\t\t\t\t\t<\/div>\n\n\t\n\n\t<div id=\"col-701248108\" class=\"col medium-3 small-6 large-3\"  >\n\t\t\t\t<div class=\"col-inner\"  >\n\t\t\t\n\t\t\t\n\t<div id=\"text-2586055801\" class=\"text\">\n\t\t\n<p><b>PRINCIPALES CAMBIOS TRIBUTARIOS DE LA NUEVA LEY DE ALQUILERES<\/b><br \/>\n\t\t\n<style>\n#text-2586055801 {\n  font-size: 0.8rem;\n  text-align: center;\n}\n<\/style>\n\t<\/div>\n\t\n<a href=\"https:\/\/grblegal.com.ar\/web\/wp-content\/uploads\/2024\/06\/Cambios-tributarios-Ley-de-alquileres.pdf\" target=\"_blank\" class=\"button primary expand\" rel=\"noopener\"  style=\"border-radius:10px;\">\n    <span>Leer m\u00e1s<\/span>\n  <\/a>\n\n\t\t<\/div>\n\t\t\t\t\t<\/div>\n\n\t\n<\/div>\n","protected":false},"excerpt":{"rendered":"","protected":false},"author":9673965,"featured_media":0,"parent":0,"menu_order":0,"comment_status":"closed","ping_status":"closed","template":"","meta":{"footnotes":""},"class_list":["post-806","page","type-page","status-publish","hentry"],"_links":{"self":[{"href":"https:\/\/grblegal.com.ar\/web\/wp-json\/wp\/v2\/pages\/806"}],"collection":[{"href":"https:\/\/grblegal.com.ar\/web\/wp-json\/wp\/v2\/pages"}],"about":[{"href":"https:\/\/grblegal.com.ar\/web\/wp-json\/wp\/v2\/types\/page"}],"author":[{"embeddable":true,"href":"https:\/\/grblegal.com.ar\/web\/wp-json\/wp\/v2\/users\/9673965"}],"replies":[{"embeddable":true,"href":"https:\/\/grblegal.com.ar\/web\/wp-json\/wp\/v2\/comments?post=806"}],"version-history":[{"count":50,"href":"https:\/\/grblegal.com.ar\/web\/wp-json\/wp\/v2\/pages\/806\/revisions"}],"predecessor-version":[{"id":1115,"href":"https:\/\/grblegal.com.ar\/web\/wp-json\/wp\/v2\/pages\/806\/revisions\/1115"}],"wp:attachment":[{"href":"https:\/\/grblegal.com.ar\/web\/wp-json\/wp\/v2\/media?parent=806"}],"curies":[{"name":"wp","href":"https:\/\/api.w.org\/{rel}","templated":true}]}}